{"id":1061,"date":"2013-03-19T15:00:08","date_gmt":"2013-03-19T15:00:08","guid":{"rendered":"http:\/\/prenezracines.tb6380.com\/?page_id=1061"},"modified":"2013-03-21T08:46:25","modified_gmt":"2013-03-21T08:46:25","slug":"chantier-jeune-a-partir-du-1er-mars","status":"publish","type":"page","link":"http:\/\/prenezracines.tb6380.com\/?page_id=1061","title":{"rendered":"du 25 f\u00e9vrier au 27 mars"},"content":{"rendered":"<p><a href=\"http:\/\/prenezracines.tb6380.com\/?attachment_id=1067\" rel=\"attachment wp-att-1067\"><img loading=\"lazy\" decoding=\"async\" class=\"aligncenter size-large wp-image-1067\" alt=\"chantier jeune visuel\" src=\"http:\/\/prenezracines.tb6380.com\/wp-content\/uploads\/2013\/03\/chantier-jeune-visuel-1024x724.jpg\" width=\"640\" height=\"452\" srcset=\"http:\/\/prenezracines.tb6380.com\/wp-content\/uploads\/2013\/03\/chantier-jeune-visuel-1024x724.jpg 1024w, http:\/\/prenezracines.tb6380.com\/wp-content\/uploads\/2013\/03\/chantier-jeune-visuel-300x212.jpg 300w, http:\/\/prenezracines.tb6380.com\/wp-content\/uploads\/2013\/03\/chantier-jeune-visuel.jpg 1123w\" sizes=\"auto, (max-width: 640px) 100vw, 640px\" \/><\/a>Organis\u00e9 \u00e0 partir du <strong>25 f\u00e9vrier jusqu&rsquo;au 27 mars 2013<\/strong>, l&rsquo;objectif de ce 5\u00e8me chantier jeunes de la p\u00e9pini\u00e8re est d&rsquo;am\u00e9liorer son accessibilit\u00e9: nettoyage du terrain, terrassement et construction d&rsquo;un cheminement. 6 jeunes \u2013 habitants des quartiers Mermoz et Monplaisir \u2013 participent et verront leur travail r\u00e9compens\u00e9 avec le financement d&rsquo;un s\u00e9jour touristique \u00e0 Lisbonne. Thierry Boutonnier et L&rsquo;Atelier des Fantasques &#8211; collectif lyonnais d\u2019architectes, graphistes et coordinatrice de projets culturels \u2013 supervisent la conduite des travaux et encourageront les jeunes \u00e0 \u00eatre forces de proposition.<\/p>\n<p>Un ap\u00e9ritif de fin de chantier a eu lieu\u00a0 le 1er mars \u00e0 midi en pr\u00e9sence de tous les participants ainsi que les parrains et la MJC La\u00ebnnec-Mermoz !<\/p>\n<p>Aujourd&rsquo;hui le chantier est toujours en construction :<\/p>\n<p><a href=\"http:\/\/prenezracines.tb6380.com\/?attachment_id=1045\" rel=\"attachment wp-att-1045\"><img decoding=\"async\" class=\"aligncenter size-large wp-image-1045\" alt=\"DSCN0062\" src=\"http:\/\/prenezracines.tb6380.com\/wp-content\/uploads\/2013\/03\/DSCN0062.jpg\" \/><\/a> <a href=\"http:\/\/prenezracines.tb6380.com\/?attachment_id=1046\" rel=\"attachment wp-att-1046\"><img decoding=\"async\" class=\"aligncenter size-large wp-image-1046\" alt=\"DSCN0065\" src=\"http:\/\/prenezracines.tb6380.com\/wp-content\/uploads\/2013\/03\/DSCN0065.jpg\" \/><\/a> <a href=\"http:\/\/prenezracines.tb6380.com\/?attachment_id=1044\" rel=\"attachment wp-att-1044\"><img decoding=\"async\" class=\"aligncenter size-large wp-image-1044\" alt=\"DSCN0061\" src=\"http:\/\/prenezracines.tb6380.com\/wp-content\/uploads\/2013\/03\/DSCN0061.jpg\" \/><\/a> <a href=\"http:\/\/prenezracines.tb6380.com\/?attachment_id=1043\" rel=\"attachment wp-att-1043\"><img decoding=\"async\" class=\"aligncenter size-large wp-image-1043\" alt=\"DSCN0060\" src=\"http:\/\/prenezracines.tb6380.com\/wp-content\/uploads\/2013\/03\/DSCN0060.jpg\" \/><\/a> <a href=\"http:\/\/prenezracines.tb6380.com\/?attachment_id=1042\" rel=\"attachment wp-att-1042\"><img decoding=\"async\" class=\"aligncenter size-large wp-image-1042\" alt=\"DSCN0058\" src=\"http:\/\/prenezracines.tb6380.com\/wp-content\/uploads\/2013\/03\/DSCN0058.jpg\" \/><\/a><\/p>\n<p>Ils ont m\u00eame eu le droit \u00e0 leur article dans Le Progr\u00e8s ! (lundi 4 mars 2013)<\/p>\n<p><a href=\"http:\/\/prenezracines.tb6380.com\/?attachment_id=1077\" rel=\"attachment wp-att-1077\"><img loading=\"lazy\" decoding=\"async\" class=\"aligncenter size-large wp-image-1077\" alt=\"article Le Progr\u00e8s 4.03.2013\" src=\"http:\/\/prenezracines.tb6380.com\/wp-content\/uploads\/2013\/03\/article-Le-Progr\u00e8s-4.03.2013-1024x725.jpg\" width=\"640\" height=\"453\" srcset=\"http:\/\/prenezracines.tb6380.com\/wp-content\/uploads\/2013\/03\/article-Le-Progr\u00e8s-4.03.2013-1024x725.jpg 1024w, http:\/\/prenezracines.tb6380.com\/wp-content\/uploads\/2013\/03\/article-Le-Progr\u00e8s-4.03.2013-300x212.jpg 300w, http:\/\/prenezracines.tb6380.com\/wp-content\/uploads\/2013\/03\/article-Le-Progr\u00e8s-4.03.2013.jpg 2023w\" sizes=\"auto, (max-width: 640px) 100vw, 640px\" \/><\/a><\/p>\n","protected":false},"excerpt":{"rendered":"<p>Organis\u00e9 \u00e0 partir du 25 f\u00e9vrier jusqu&rsquo;au 27 mars 2013, l&rsquo;objectif de ce 5\u00e8me chantier jeunes de la p\u00e9pini\u00e8re est d&rsquo;am\u00e9liorer son accessibilit\u00e9: nettoyage du terrain, terrassement et construction d&rsquo;un cheminement. 6 jeunes \u2013 habitants des quartiers Mermoz et Monplaisir &hellip; <a href=\"http:\/\/prenezracines.tb6380.com\/?page_id=1061\">Continuer la lecture <span class=\"meta-nav\">&rarr;<\/span><\/a><\/p>\n","protected":false},"author":2,"featured_media":0,"parent":0,"menu_order":0,"comment_status":"open","ping_status":"open","template":"","meta":{"footnotes":""},"class_list":["post-1061","page","type-page","status-publish","hentry"],"_links":{"self":[{"href":"http:\/\/prenezracines.tb6380.com\/index.php?rest_route=\/wp\/v2\/pages\/1061","targetHints":{"allow":["GET"]}}],"collection":[{"href":"http:\/\/prenezracines.tb6380.com\/index.php?rest_route=\/wp\/v2\/pages"}],"about":[{"href":"http:\/\/prenezracines.tb6380.com\/index.php?rest_route=\/wp\/v2\/types\/page"}],"author":[{"embeddable":true,"href":"http:\/\/prenezracines.tb6380.com\/index.php?rest_route=\/wp\/v2\/users\/2"}],"replies":[{"embeddable":true,"href":"http:\/\/prenezracines.tb6380.com\/index.php?rest_route=%2Fwp%2Fv2%2Fcomments&post=1061"}],"version-history":[{"count":5,"href":"http:\/\/prenezracines.tb6380.com\/index.php?rest_route=\/wp\/v2\/pages\/1061\/revisions"}],"predecessor-version":[{"id":1063,"href":"http:\/\/prenezracines.tb6380.com\/index.php?rest_route=\/wp\/v2\/pages\/1061\/revisions\/1063"}],"wp:attachment":[{"href":"http:\/\/prenezracines.tb6380.com\/index.php?rest_route=%2Fwp%2Fv2%2Fmedia&parent=1061"}],"curies":[{"name":"wp","href":"https:\/\/api.w.org\/{rel}","templated":true}]}}