{"id":2,"date":"2010-08-04T17:01:48","date_gmt":"2010-08-04T17:01:48","guid":{"rendered":"http:\/\/prenezracines.tb6380.com\/?page_id=2"},"modified":"2011-09-05T16:12:09","modified_gmt":"2011-09-05T16:12:09","slug":"a-propos","status":"publish","type":"page","link":"http:\/\/prenezracines.tb6380.com\/?page_id=2","title":{"rendered":"Le projet"},"content":{"rendered":"<p style=\"text-align: justify;\"><a href=\"..\/wp-content\/uploads\/2010\/08\/Visuel-prenez-racines-avec-fond-perdu-1cm.jpg\"><img loading=\"lazy\" decoding=\"async\" class=\"alignright\" title=\"Prenez racines !\" src=\"..\/wp-content\/uploads\/2010\/08\/Visuel-prenez-racines-avec-fond-perdu-1cm-202x300.jpg\" alt=\"\" width=\"202\" height=\"300\" \/><\/a>Alors que le quartier Mermoz conna\u00eet travaux et transformations, comment les habitants vivent ces changements ? Un artiste, Thierry Boutonnier, va \u00e0 leur rencontre et leur propose de participer \u00e0 une exp\u00e9rimentation artistique : soigner son environnement, l&#8217;embellir et se le (r\u00e9)approprier. Comment ? gr\u00e2ce aux plantes&#8230; il ne s&rsquo;agit pas de phytoth\u00e9rapie ! mais d&rsquo;un projet de p\u00e9pini\u00e8re urbaine : cultiver aujourd&rsquo;hui les v\u00e9g\u00e9taux qui pourraient \u00eatre utilis\u00e9s demain dans le cadre des am\u00e9nagements futurs.<\/p>\n<p style=\"text-align: justify;\">Trois moments jalonneront cette initiative : l&rsquo;\u00e9criture du catalogue des plantes, la r\u00e9alisation d&rsquo;un composteur, puis la culture des v\u00e9g\u00e9taux proprement dite.<\/p>\n<p style=\"text-align: justify;\"><em>D\u00e9j\u00e0, un vif int\u00e9r\u00eat&#8230;<\/em><\/p>\n<p style=\"text-align: justify;\"><a title=\"MJC\" href=\"http:\/\/mjclaennecmermoz.fr\/\" target=\"_blank\">La MJC La\u00ebnnec-Mermoz<\/a> a mis en place cette action \u00e0 travers \u00ab\u00a0Mermoz rena\u00eet\u00a0\u00bb. L&rsquo;\u00c9tat, la R\u00e9gion Rh\u00f4ne-Alpes et la Ville de Lyon la soutiennent. Elle a \u00e9t\u00e9 r\u00e9compens\u00e9e par le Prix <a title=\"COAL\" href=\"http:\/\/coal.blogspirit.com\/\" target=\"_blank\">COAL<\/a> Art &amp; Environnement dont le jury rassemble g\u00e9ographe, cadre territorial, dirigeant de la Caisse de d\u00e9p\u00f4t et de consignations, \u00e9cologue, artistes et professionnels du champ culturel. Un dialogue s&rsquo;engage avec centres sociaux, jardins d&rsquo;habitants, lyc\u00e9e horticole, paysagistes, architectes&#8230;<\/p>\n<p style=\"text-align: justify;\">La Fondation de France nous soutiens depuis le 22 juin 2011\u00a0dans le cadre de sa lutte contre l&rsquo;exclusion sociale et \u00e9conomique et pour l&rsquo;habitat et le d\u00e9veloppement social des territoires.<\/p>\n<p><a href=\"http:\/\/www.fondationdefrance.org\" target=\"_blank\"><img decoding=\"async\" src=\"http:\/\/www.fondationdefrance.org\/fs\/logos\/logo-colors.jpg\" border=\"no\" alt=\"Projet soutenu par la Fondation de France\" \/><\/a><\/p>\n<p style=\"text-align: justify;\">\u00ab\u00a0Je ne souhaite pas qu\u2019un projet \u00ab artistique \u00bb l\u00e9gitime un programme o\u00f9 \u00ab r\u00e9novation = expulsion \u00bb (ou en fait un simple constat), et je crains l\u2019artiste en animateur social. Je vous pr\u00e9sente donc cette fragile position afin que nous puissions la consolider avec les habitants. Le projet est un programme avec\u00a0diff\u00e9rentes phases de \u00ab concertation-r\u00e9alisation\u00bb\u00a0\u00bb. Thierry Boutonnier.<\/p>\n<p style=\"text-align: justify;\">L&rsquo;esquisse valid\u00e9e par les Habitants est le projet de <strong>p\u00e9pini\u00e8re urbaine<\/strong>.<\/p>\n<p style=\"text-align: justify;\"><a href=\"http:\/\/prenezracines.tb6380.com\/wp-content\/uploads\/2010\/08\/pu_mermoz_8-copie.jpg\"><img loading=\"lazy\" decoding=\"async\" class=\"size-medium wp-image-59 aligncenter\" title=\"pu_mermoz_8-copie\" src=\"http:\/\/prenezracines.tb6380.com\/wp-content\/uploads\/2010\/08\/pu_mermoz_8-copie-300x225.jpg\" alt=\"\" width=\"300\" height=\"225\" srcset=\"http:\/\/prenezracines.tb6380.com\/wp-content\/uploads\/2010\/08\/pu_mermoz_8-copie-300x225.jpg 300w, http:\/\/prenezracines.tb6380.com\/wp-content\/uploads\/2010\/08\/pu_mermoz_8-copie.jpg 800w\" sizes=\"auto, (max-width: 300px) 100vw, 300px\" \/><\/a><\/p>\n<p style=\"text-align: justify;\"><a href=\"http:\/\/prenezracines.tb6380.com\/wp-content\/uploads\/2010\/08\/Visuel-prenez-racines-avec-fond-perdu-1cm.jpg\"><br \/>\n<\/a><\/p>\n<p style=\"text-align: justify;\">Pour t\u00e9l\u00e9charger <a title=\"Prenez racines !\" href=\"http:\/\/www.mehrlicht.fr\/download\/garden\/Plaquette_2.pdf\" target=\"_blank\">la plaquette d&rsquo;information en pdf.<\/a><\/p>\n","protected":false},"excerpt":{"rendered":"<p>Alors que le quartier Mermoz conna\u00eet travaux et transformations, comment les habitants vivent ces changements ? Un artiste, Thierry Boutonnier, va \u00e0 leur rencontre et leur propose de participer \u00e0 une exp\u00e9rimentation artistique : soigner son environnement, l&#8217;embellir et se &hellip; <a href=\"http:\/\/prenezracines.tb6380.com\/?page_id=2\">Continuer la lecture <span class=\"meta-nav\">&rarr;<\/span><\/a><\/p>\n","protected":false},"author":1,"featured_media":0,"parent":0,"menu_order":0,"comment_status":"open","ping_status":"open","template":"","meta":{"footnotes":""},"class_list":["post-2","page","type-page","status-publish","hentry"],"_links":{"self":[{"href":"http:\/\/prenezracines.tb6380.com\/index.php?rest_route=\/wp\/v2\/pages\/2","targetHints":{"allow":["GET"]}}],"collection":[{"href":"http:\/\/prenezracines.tb6380.com\/index.php?rest_route=\/wp\/v2\/pages"}],"about":[{"href":"http:\/\/prenezracines.tb6380.com\/index.php?rest_route=\/wp\/v2\/types\/page"}],"author":[{"embeddable":true,"href":"http:\/\/prenezracines.tb6380.com\/index.php?rest_route=\/wp\/v2\/users\/1"}],"replies":[{"embeddable":true,"href":"http:\/\/prenezracines.tb6380.com\/index.php?rest_route=%2Fwp%2Fv2%2Fcomments&post=2"}],"version-history":[{"count":8,"href":"http:\/\/prenezracines.tb6380.com\/index.php?rest_route=\/wp\/v2\/pages\/2\/revisions"}],"predecessor-version":[{"id":7,"href":"http:\/\/prenezracines.tb6380.com\/index.php?rest_route=\/wp\/v2\/pages\/2\/revisions\/7"}],"wp:attachment":[{"href":"http:\/\/prenezracines.tb6380.com\/index.php?rest_route=%2Fwp%2Fv2%2Fmedia&parent=2"}],"curies":[{"name":"wp","href":"https:\/\/api.w.org\/{rel}","templated":true}]}}