{"id":96,"date":"2011-02-17T09:55:29","date_gmt":"2011-02-17T09:55:29","guid":{"rendered":"http:\/\/prenezracines.tb6380.com\/?page_id=96"},"modified":"2011-06-17T14:27:30","modified_gmt":"2011-06-17T14:27:30","slug":"parrains-marraines","status":"publish","type":"page","link":"http:\/\/prenezracines.tb6380.com\/?page_id=96","title":{"rendered":"Catalogue des essences"},"content":{"rendered":"<p>Nous avons aujourd&rsquo;hui 38 parrains-marraines qui ont d\u00e9cid\u00e9 d&rsquo;adopter un arbre.<\/p>\n<p>Le catalogue des essences des arbres parrain\u00e9s par les habitants et qui grandiront en p\u00e9pini\u00e8re dans le quartier se distingue en 2 cat\u00e9gories en fonction des emplacements.<\/p>\n<p>Cette liste est toujours en cours d&rsquo;\u00e9laboration.<\/p>\n<p><strong>VERGER PARTAG\u00c9 (28 individus) <\/strong>:<br \/>\nCes individus seraient plant\u00e9s dans un espace d\u00e9di\u00e9 aux habitants qui partageront leurs fruits.<br \/>\nLa liste qui suit, n\u00e9cessite que les essences soient plant\u00e9es avec plusieurs individus afin qu&rsquo;elles soient fertiles.<\/p>\n<p>Pommiers &#8211;\u00a0Fuji<\/p>\n<p><a href=\"http:\/\/prenezracines.tb6380.com\/wp-content\/uploads\/2011\/02\/pommier.jpg\"><img loading=\"lazy\" decoding=\"async\" title=\"pommier\" src=\"http:\/\/prenezracines.tb6380.com\/wp-content\/uploads\/2011\/02\/pommier-150x150.jpg\" alt=\"\" width=\"150\" height=\"150\" \/><\/a><a href=\"http:\/\/prenezracines.tb6380.com\/wp-content\/uploads\/2011\/02\/fleurs-de-pommier-fuji.jpg\"><img loading=\"lazy\" decoding=\"async\" title=\"fleurs de pommier\" src=\"http:\/\/prenezracines.tb6380.com\/wp-content\/uploads\/2011\/02\/fleurs-de-pommier-fuji-150x150.jpg\" alt=\"\" width=\"150\" height=\"150\" \/><\/a><a href=\"http:\/\/prenezracines.tb6380.com\/wp-content\/uploads\/2011\/02\/Plante-de-Fuji-Kiku.jpg\"><img loading=\"lazy\" decoding=\"async\" title=\"Plante de Fuji Kiku\" src=\"http:\/\/prenezracines.tb6380.com\/wp-content\/uploads\/2011\/02\/Plante-de-Fuji-Kiku-150x150.jpg\" alt=\"\" width=\"150\" height=\"150\" \/><\/a><\/p>\n<p>Pommiers Reine des reinettes\u00a0:<\/p>\n<p><a href=\"http:\/\/prenezracines.tb6380.com\/wp-content\/uploads\/2011\/02\/Reine_des_reinettes.jpg\"><img loading=\"lazy\" decoding=\"async\" class=\"alignnone size-thumbnail wp-image-356\" title=\"Reine_des_reinettes\" src=\"http:\/\/prenezracines.tb6380.com\/wp-content\/uploads\/2011\/02\/Reine_des_reinettes-150x150.jpg\" alt=\"\" width=\"150\" height=\"150\" \/><\/a><a href=\"http:\/\/prenezracines.tb6380.com\/wp-content\/uploads\/2011\/02\/med-fleurs-de-pommiers-visoflora-52265.jpg\"><img loading=\"lazy\" decoding=\"async\" class=\"alignnone size-thumbnail wp-image-357\" title=\"fleurs-de-pommiers\" src=\"http:\/\/prenezracines.tb6380.com\/wp-content\/uploads\/2011\/02\/med-fleurs-de-pommiers-visoflora-52265-150x150.jpg\" alt=\"\" width=\"150\" height=\"150\" \/><\/a> &#8230;<\/p>\n<p>Poiriers (Pyrus communis, Pyrus salicifolia, &#8230;)\u00a0:<\/p>\n<p><a href=\"http:\/\/prenezracines.tb6380.com\/wp-content\/uploads\/2011\/02\/poirier-feuille-saule-2.jpg\"><img loading=\"lazy\" decoding=\"async\" class=\"alignnone size-thumbnail wp-image-358\" title=\"poirier-feuille-saule-2\" src=\"http:\/\/prenezracines.tb6380.com\/wp-content\/uploads\/2011\/02\/poirier-feuille-saule-2-150x150.jpg\" alt=\"\" width=\"150\" height=\"150\" \/><\/a><a href=\"http:\/\/prenezracines.tb6380.com\/wp-content\/uploads\/2011\/02\/poirier-fl.jpg\"><img loading=\"lazy\" decoding=\"async\" class=\"alignnone size-thumbnail wp-image-359\" title=\"poirier-fl\" src=\"http:\/\/prenezracines.tb6380.com\/wp-content\/uploads\/2011\/02\/poirier-fl-150x150.jpg\" alt=\"\" width=\"150\" height=\"150\" \/><\/a><a href=\"http:\/\/prenezracines.tb6380.com\/wp-content\/uploads\/2011\/02\/poire.jpg\"><img loading=\"lazy\" decoding=\"async\" class=\"alignnone size-thumbnail wp-image-360\" title=\"poire\" src=\"http:\/\/prenezracines.tb6380.com\/wp-content\/uploads\/2011\/02\/poire-150x150.jpg\" alt=\"\" width=\"150\" height=\"150\" \/><\/a><\/p>\n<p>Cerisiers :<\/p>\n<p><a href=\"http:\/\/prenezracines.tb6380.com\/wp-content\/uploads\/2011\/02\/796px-Fr\u00fchling_bl\u00fchender_Kirschenbaum.jpg\"><img loading=\"lazy\" decoding=\"async\" class=\"alignnone size-thumbnail wp-image-361\" title=\"Cerisier\" src=\"http:\/\/prenezracines.tb6380.com\/wp-content\/uploads\/2011\/02\/796px-Fr\u00fchling_bl\u00fchender_Kirschenbaum-150x150.jpg\" alt=\"\" width=\"150\" height=\"150\" \/><\/a><a href=\"http:\/\/prenezracines.tb6380.com\/wp-content\/uploads\/2011\/02\/1005288.jpg\"><img loading=\"lazy\" decoding=\"async\" class=\"alignnone size-thumbnail wp-image-362\" title=\"cerisier\" src=\"http:\/\/prenezracines.tb6380.com\/wp-content\/uploads\/2011\/02\/1005288-150x150.jpg\" alt=\"\" width=\"150\" height=\"150\" srcset=\"http:\/\/prenezracines.tb6380.com\/wp-content\/uploads\/2011\/02\/1005288-150x150.jpg 150w, http:\/\/prenezracines.tb6380.com\/wp-content\/uploads\/2011\/02\/1005288-300x297.jpg 300w, http:\/\/prenezracines.tb6380.com\/wp-content\/uploads\/2011\/02\/1005288.jpg 403w\" sizes=\"auto, (max-width: 150px) 100vw, 150px\" \/><\/a><\/p>\n<p>Abricotier (bergeron, rouge du roussillon ou d&rsquo;oullins) :<\/p>\n<p><a href=\"http:\/\/prenezracines.tb6380.com\/wp-content\/uploads\/2011\/02\/15281983.jpg\"><img loading=\"lazy\" decoding=\"async\" class=\"alignnone size-thumbnail wp-image-363\" title=\"en automne\" src=\"http:\/\/prenezracines.tb6380.com\/wp-content\/uploads\/2011\/02\/15281983-150x150.jpg\" alt=\"\" width=\"150\" height=\"150\" \/><\/a><a href=\"http:\/\/prenezracines.tb6380.com\/wp-content\/uploads\/2011\/02\/arbre-abricotierfleur-d-abricot.jpg\"><img loading=\"lazy\" decoding=\"async\" class=\"alignnone size-thumbnail wp-image-364\" title=\"arbre-abricotier,fleur-d-abricot\" src=\"http:\/\/prenezracines.tb6380.com\/wp-content\/uploads\/2011\/02\/arbre-abricotierfleur-d-abricot-150x150.jpg\" alt=\"\" width=\"150\" height=\"150\" \/><\/a><a href=\"http:\/\/prenezracines.tb6380.com\/wp-content\/uploads\/2011\/02\/Abricot.jpg\"><img loading=\"lazy\" decoding=\"async\" class=\"alignnone size-thumbnail wp-image-365\" title=\"Abricot\" src=\"http:\/\/prenezracines.tb6380.com\/wp-content\/uploads\/2011\/02\/Abricot-150x150.jpg\" alt=\"\" width=\"150\" height=\"150\" \/><\/a><\/p>\n<p>Prunier (mirabellier) :<\/p>\n<p><a href=\"http:\/\/prenezracines.tb6380.com\/wp-content\/uploads\/2011\/02\/Mirabellenbaumhoch.jpg\"><img loading=\"lazy\" decoding=\"async\" class=\"alignnone size-thumbnail wp-image-366\" title=\"Mirabellier\" src=\"http:\/\/prenezracines.tb6380.com\/wp-content\/uploads\/2011\/02\/Mirabellenbaumhoch-150x150.jpg\" alt=\"\" width=\"150\" height=\"150\" \/><\/a><a href=\"http:\/\/prenezracines.tb6380.com\/wp-content\/uploads\/2011\/02\/mirabellier-fleur.jpg\"><img loading=\"lazy\" decoding=\"async\" class=\"alignnone size-thumbnail wp-image-367\" title=\"mirabellier-fleur\" src=\"http:\/\/prenezracines.tb6380.com\/wp-content\/uploads\/2011\/02\/mirabellier-fleur-150x150.jpg\" alt=\"\" width=\"150\" height=\"150\" \/><\/a><\/p>\n<p>Cognassier (Cydonia oblonga)\u00a0:<\/p>\n<p><a href=\"http:\/\/prenezracines.tb6380.com\/wp-content\/uploads\/2011\/02\/cognassier.jpg\"><img loading=\"lazy\" decoding=\"async\" class=\"alignnone size-thumbnail wp-image-368\" title=\"cognassier\" src=\"http:\/\/prenezracines.tb6380.com\/wp-content\/uploads\/2011\/02\/cognassier-150x150.jpg\" alt=\"\" width=\"150\" height=\"150\" \/><\/a><a href=\"http:\/\/prenezracines.tb6380.com\/wp-content\/uploads\/2011\/02\/Fleurs-et-feuilles-de-cognassier.jpg\"><img loading=\"lazy\" decoding=\"async\" class=\"alignnone size-thumbnail wp-image-369\" title=\"Fleurs-et-feuilles-de-cognassier\" src=\"http:\/\/prenezracines.tb6380.com\/wp-content\/uploads\/2011\/02\/Fleurs-et-feuilles-de-cognassier-150x150.jpg\" alt=\"\" width=\"150\" height=\"150\" \/><\/a><a href=\"http:\/\/prenezracines.tb6380.com\/wp-content\/uploads\/2011\/02\/coing-3.jpg\"><img loading=\"lazy\" decoding=\"async\" class=\"alignnone size-thumbnail wp-image-370\" title=\"coing\" src=\"http:\/\/prenezracines.tb6380.com\/wp-content\/uploads\/2011\/02\/coing-3-150x150.jpg\" alt=\"\" width=\"150\" height=\"150\" \/><\/a><\/p>\n<p>Amandiers :<\/p>\n<p><a href=\"http:\/\/prenezracines.tb6380.com\/wp-content\/uploads\/2011\/02\/amandier-1.jpg\"><img loading=\"lazy\" decoding=\"async\" class=\"alignnone size-thumbnail wp-image-371\" title=\"amandier\" src=\"http:\/\/prenezracines.tb6380.com\/wp-content\/uploads\/2011\/02\/amandier-1-150x150.jpg\" alt=\"\" width=\"150\" height=\"150\" \/><\/a><a href=\"http:\/\/prenezracines.tb6380.com\/wp-content\/uploads\/2011\/02\/amandier_fleur.jpg\"><img loading=\"lazy\" decoding=\"async\" class=\"alignnone size-thumbnail wp-image-372\" title=\"amandier_fleur\" src=\"http:\/\/prenezracines.tb6380.com\/wp-content\/uploads\/2011\/02\/amandier_fleur-150x150.jpg\" alt=\"\" width=\"150\" height=\"150\" \/><\/a><a href=\"http:\/\/prenezracines.tb6380.com\/wp-content\/uploads\/2011\/02\/amande.jpg\"><img loading=\"lazy\" decoding=\"async\" class=\"alignnone size-thumbnail wp-image-373\" title=\"amande\" src=\"http:\/\/prenezracines.tb6380.com\/wp-content\/uploads\/2011\/02\/amande-150x150.jpg\" alt=\"\" width=\"150\" height=\"150\" \/><\/a><\/p>\n<p>Plaqueminier (<em>Diospyros kaki) <\/em>:<\/p>\n<p><a href=\"http:\/\/prenezracines.tb6380.com\/wp-content\/uploads\/2011\/02\/Ferme-des-l\u00e9gumes-oubli\u00e9s-3-Plaqueminier.jpg\"><img loading=\"lazy\" decoding=\"async\" class=\"alignnone size-thumbnail wp-image-374\" title=\"Plaqueminier\" src=\"http:\/\/prenezracines.tb6380.com\/wp-content\/uploads\/2011\/02\/Ferme-des-l\u00e9gumes-oubli\u00e9s-3-Plaqueminier-150x150.jpg\" alt=\"\" width=\"150\" height=\"150\" \/><\/a><a href=\"http:\/\/prenezracines.tb6380.com\/wp-content\/uploads\/2011\/02\/arbre-a-kaki-dscn6871.jpg\"><img loading=\"lazy\" decoding=\"async\" class=\"alignnone size-thumbnail wp-image-375\" title=\"arbre-a-kaki-dscn6871\" src=\"http:\/\/prenezracines.tb6380.com\/wp-content\/uploads\/2011\/02\/arbre-a-kaki-dscn6871-150x150.jpg\" alt=\"kaki\" width=\"150\" height=\"150\" \/><\/a><\/p>\n<p>Figuier (Ficus carica)\u00a0:<\/p>\n<p><a href=\"http:\/\/prenezracines.tb6380.com\/wp-content\/uploads\/2011\/02\/5-figuier.jpg\"><img loading=\"lazy\" decoding=\"async\" class=\"alignnone size-thumbnail wp-image-378\" title=\"figuier\" src=\"http:\/\/prenezracines.tb6380.com\/wp-content\/uploads\/2011\/02\/5-figuier-150x150.jpg\" alt=\"\" width=\"150\" height=\"150\" \/><\/a><\/p>\n<p>Quetsche d&rsquo;Alsace :<\/p>\n<p><a href=\"http:\/\/prenezracines.tb6380.com\/wp-content\/uploads\/2011\/02\/prunier_jardinage.jpg\"><img loading=\"lazy\" decoding=\"async\" class=\"alignnone size-thumbnail wp-image-376\" title=\"prunier_quetsche\" src=\"http:\/\/prenezracines.tb6380.com\/wp-content\/uploads\/2011\/02\/prunier_jardinage-150x150.jpg\" alt=\"\" width=\"150\" height=\"150\" \/><\/a><a href=\"http:\/\/prenezracines.tb6380.com\/wp-content\/uploads\/2011\/02\/63624258.jpg\"><img loading=\"lazy\" decoding=\"async\" class=\"alignnone size-thumbnail wp-image-377\" title=\"fleur \" src=\"http:\/\/prenezracines.tb6380.com\/wp-content\/uploads\/2011\/02\/63624258-150x150.jpg\" alt=\"\" width=\"150\" height=\"150\" \/><\/a><\/p>\n<p>Ceux l\u00e0 sont autofertiles :<\/p>\n<p>P\u00eacher (Prunus persica)\u00a0:<\/p>\n<p><a href=\"http:\/\/prenezracines.tb6380.com\/wp-content\/uploads\/2011\/02\/pecher-fleurs-doubles-s3.jpg\"><img loading=\"lazy\" decoding=\"async\" class=\"alignnone size-thumbnail wp-image-382\" title=\"pecher-fleurs\" src=\"http:\/\/prenezracines.tb6380.com\/wp-content\/uploads\/2011\/02\/pecher-fleurs-doubles-s3-150x150.jpg\" alt=\"\" width=\"150\" height=\"150\" \/><\/a><a href=\"http:\/\/prenezracines.tb6380.com\/wp-content\/uploads\/2011\/02\/pecher-fl03.jpg\"><img loading=\"lazy\" decoding=\"async\" class=\"alignnone size-thumbnail wp-image-383\" title=\"pecher-fleur\" src=\"http:\/\/prenezracines.tb6380.com\/wp-content\/uploads\/2011\/02\/pecher-fl03-150x150.jpg\" alt=\"\" width=\"150\" height=\"150\" \/><\/a><a href=\"http:\/\/prenezracines.tb6380.com\/wp-content\/uploads\/2011\/02\/PECHER-reine-des-vergers-1257211957b.jpg\"><img loading=\"lazy\" decoding=\"async\" class=\"alignnone size-thumbnail wp-image-384\" title=\"p\u00eache\" src=\"http:\/\/prenezracines.tb6380.com\/wp-content\/uploads\/2011\/02\/PECHER-reine-des-vergers-1257211957b-150x150.jpg\" alt=\"\" width=\"150\" height=\"150\" \/><\/a><br \/>\nNectarinier :<\/p>\n<p><a href=\"http:\/\/prenezracines.tb6380.com\/wp-content\/uploads\/2011\/02\/2012-nectarinier-morton-blanc.jpg\"><img loading=\"lazy\" decoding=\"async\" class=\"alignnone size-thumbnail wp-image-380\" title=\"nectarinier-morton-blanc\" src=\"http:\/\/prenezracines.tb6380.com\/wp-content\/uploads\/2011\/02\/2012-nectarinier-morton-blanc-150x150.jpg\" alt=\"\" width=\"150\" height=\"150\" \/><\/a><a href=\"http:\/\/prenezracines.tb6380.com\/wp-content\/uploads\/2011\/02\/27630138.jpg\"><img loading=\"lazy\" decoding=\"async\" class=\"alignnone size-thumbnail wp-image-381\" title=\"nectarinier\" src=\"http:\/\/prenezracines.tb6380.com\/wp-content\/uploads\/2011\/02\/27630138-150x150.jpg\" alt=\"\" width=\"150\" height=\"150\" \/><\/a><\/p>\n<p><strong>LES ARBRES P\u00c9PITES (10 individus) :<\/strong><br \/>\nCes individus seraient plant\u00e9s dans la promenade. La liste suivante pr\u00e9sente les arbres fruitiers ornementaux. Ils cr\u00e9eront des surprises gr\u00e2ce \u00e0 leurs floraisons et leurs feuillages tout au long des saisons.<\/p>\n<p>\u2013\tport particuli\u00e8rement \u00e9tal\u00e9 en forme de nuage.<br \/>\n\u2013\tfloraison \u00ab pr\u00e9cieuse \u00bb spectaculaire blanche ou ros\u00e9e.<br \/>\n\u2013\tint\u00e9r\u00eat automnal de tous les sujets avec des coloris<\/p>\n<p><a href=\"http:\/\/prenezracines.tb6380.com\/wp-content\/uploads\/2011\/02\/Prunus_serrulaTibetica800.jpg\"><img loading=\"lazy\" decoding=\"async\" class=\"size-thumbnail wp-image-334 alignnone\" title=\"Prunus_serrulaTibetica800\" src=\"http:\/\/prenezracines.tb6380.com\/wp-content\/uploads\/2011\/02\/Prunus_serrulaTibetica800-150x150.jpg\" alt=\"\" width=\"150\" height=\"150\" \/><\/a><a href=\"http:\/\/prenezracines.tb6380.com\/wp-content\/uploads\/2011\/02\/images.jpg\"><img loading=\"lazy\" decoding=\"async\" class=\"size-thumbnail wp-image-335 alignnone\" title=\"images\" src=\"http:\/\/prenezracines.tb6380.com\/wp-content\/uploads\/2011\/02\/images-130x150.jpg\" alt=\"\" width=\"130\" height=\"150\" \/><\/a><a href=\"http:\/\/prenezracines.tb6380.com\/wp-content\/uploads\/2011\/02\/mini-Prunus-serrulata-Kanzan1.jpg\"><img loading=\"lazy\" decoding=\"async\" class=\"size-thumbnail wp-image-336 alignnone\" title=\"mini-Prunus serrulata Kanzan1\" src=\"http:\/\/prenezracines.tb6380.com\/wp-content\/uploads\/2011\/02\/mini-Prunus-serrulata-Kanzan1-150x150.jpg\" alt=\"\" width=\"150\" height=\"150\" \/><\/a><\/p>\n<p>\u2013\tPRUNUS SERRULA OU SERRULA TIBETICA \u2013\tFloraison blanche \u2013\tInt\u00e9r\u00eat particulier: \u00e9corce magnifique &#8211; fleurs simples \u2013 feuillage jaune en automne \u2013<\/p>\n<p><a href=\"http:\/\/prenezracines.tb6380.com\/wp-content\/uploads\/2011\/02\/images1.jpg\"><img loading=\"lazy\" decoding=\"async\" class=\"alignnone size-full wp-image-342\" title=\"images\" src=\"http:\/\/prenezracines.tb6380.com\/wp-content\/uploads\/2011\/02\/images1.jpg\" alt=\"\" width=\"111\" height=\"92\" \/><\/a><a href=\"http:\/\/prenezracines.tb6380.com\/wp-content\/uploads\/2011\/02\/prunus-subhirtella-autumnalis-rosa-winterkirsche.jpg\"><img loading=\"lazy\" decoding=\"async\" class=\"alignnone size-thumbnail wp-image-343\" title=\"prunus-subhirtella-autumnalis-rosa-winterkirsche\" src=\"http:\/\/prenezracines.tb6380.com\/wp-content\/uploads\/2011\/02\/prunus-subhirtella-autumnalis-rosa-winterkirsche-150x150.jpg\" alt=\"\" width=\"150\" height=\"150\" \/><\/a><\/p>\n<p>\u2013\tPRUNUS SUBHIRTELLA AUTOMNALIS \u2013\tFloraison rose en bouton, puis ros\u00e9e lorsque la fleur s&rsquo;\u00e9panouit \u2013\tInt\u00e9r\u00eat particulier: beau port, fleurs semi-double de novembre \u00e0 avril \u2013<\/p>\n<p><a href=\"http:\/\/prenezracines.tb6380.com\/wp-content\/uploads\/2011\/02\/A126-21.jpg\"><img loading=\"lazy\" decoding=\"async\" title=\"A126-21\" src=\"http:\/\/prenezracines.tb6380.com\/wp-content\/uploads\/2011\/02\/A126-21-150x150.jpg\" alt=\"\" width=\"150\" height=\"150\" \/><\/a><a href=\"http:\/\/prenezracines.tb6380.com\/wp-content\/uploads\/2011\/02\/prunus_serrulata_shirofugen_bluete.jpg\"><img loading=\"lazy\" decoding=\"async\" title=\"prunus_serrulata_shirofugen_bluete\" src=\"http:\/\/prenezracines.tb6380.com\/wp-content\/uploads\/2011\/02\/prunus_serrulata_shirofugen_bluete-150x150.jpg\" alt=\"\" width=\"150\" height=\"150\" \/><\/a><\/p>\n<p>\u2013\tPRUNUS SERRULATA SHIROFUGEN \u2013\tFloraison blanche \u00e0 ros\u00e9e \u2013\tInt\u00e9r\u00eat particulier: beau port, fleurs doubles \u2013 feuillage jaune orang\u00e9 en automne \u2013<\/p>\n<p><a href=\"http:\/\/prenezracines.tb6380.com\/wp-content\/uploads\/2011\/02\/cherry6.jpg\"><img loading=\"lazy\" decoding=\"async\" title=\"cherry6\" src=\"http:\/\/prenezracines.tb6380.com\/wp-content\/uploads\/2011\/02\/cherry6-150x150.jpg\" alt=\"\" width=\"150\" height=\"150\" \/><\/a><a href=\"http:\/\/prenezracines.tb6380.com\/wp-content\/uploads\/2011\/02\/0064825.jpg\"><img loading=\"lazy\" decoding=\"async\" title=\"0064825\" src=\"http:\/\/prenezracines.tb6380.com\/wp-content\/uploads\/2011\/02\/0064825-150x150.jpg\" alt=\"\" width=\"150\" height=\"150\" \/><\/a><\/p>\n<p>\u2013\tPRUNUS SERRULATA SHIROTAE \u2013\tFloraison blanche \u2013\tInt\u00e9r\u00eat particulier: beau port, fleurs doubles \u2013 belles couleurs d&rsquo;automne \u2013<\/p>\n<p><a href=\"http:\/\/prenezracines.tb6380.com\/wp-content\/uploads\/2011\/02\/89_03.jpg\"><img loading=\"lazy\" decoding=\"async\" class=\"alignnone size-thumbnail wp-image-344\" title=\"Prunus serrulata\" src=\"http:\/\/prenezracines.tb6380.com\/wp-content\/uploads\/2011\/02\/89_03-150x150.jpg\" alt=\"\" width=\"150\" height=\"150\" \/><\/a><a href=\"http:\/\/prenezracines.tb6380.com\/wp-content\/uploads\/2011\/02\/prtai6049.jpg\"><img loading=\"lazy\" decoding=\"async\" class=\"alignnone size-thumbnail wp-image-345\" title=\"prtai6049\" src=\"http:\/\/prenezracines.tb6380.com\/wp-content\/uploads\/2011\/02\/prtai6049-150x150.jpg\" alt=\"\" width=\"150\" height=\"150\" \/><\/a><a href=\"http:\/\/prenezracines.tb6380.com\/wp-content\/uploads\/2011\/02\/images2.jpg\"><img loading=\"lazy\" decoding=\"async\" class=\"alignnone size-thumbnail wp-image-346\" title=\"images\" src=\"http:\/\/prenezracines.tb6380.com\/wp-content\/uploads\/2011\/02\/images2-130x150.jpg\" alt=\"\" width=\"130\" height=\"150\" \/><\/a><\/p>\n<p>\u2013\tPRUNUS TAIHAKU \u2013\tFloraison blanche \u2013\tInt\u00e9r\u00eat particulier: beau port, fleurs simples tr\u00e8s grandes<\/p>\n<p>\u00c0 partir de cette base propos\u00e9e par la ma\u00eetrise d&rsquo;oeuvre en accord, les habitants proposent aussi le lilas des indes, l&rsquo;albizzia&#8230;<\/p>\n<p><a href=\"http:\/\/prenezracines.tb6380.com\/wp-content\/uploads\/2011\/02\/albizzia.jpg\"><img loading=\"lazy\" decoding=\"async\" class=\"alignnone size-thumbnail wp-image-347\" title=\"lilas_des_indes\" src=\"http:\/\/prenezracines.tb6380.com\/wp-content\/uploads\/2011\/02\/albizzia-150x150.jpg\" alt=\"\" width=\"150\" height=\"150\" \/><\/a><a href=\"http:\/\/prenezracines.tb6380.com\/wp-content\/uploads\/2011\/02\/Lagerstroemia_indica_Blanco1.207.jpg\"><img loading=\"lazy\" decoding=\"async\" class=\"alignnone size-thumbnail wp-image-349\" title=\"Lagerstroemia_indica_Blanco1.207\" src=\"http:\/\/prenezracines.tb6380.com\/wp-content\/uploads\/2011\/02\/Lagerstroemia_indica_Blanco1.207-150x150.jpg\" alt=\"\" width=\"150\" height=\"150\" \/><\/a><\/p>\n<p><a href=\"http:\/\/prenezracines.tb6380.com\/wp-content\/uploads\/2011\/02\/albizzia_02.jpg\"><img loading=\"lazy\" decoding=\"async\" class=\"alignnone size-thumbnail wp-image-350\" title=\"albizzia_02\" src=\"http:\/\/prenezracines.tb6380.com\/wp-content\/uploads\/2011\/02\/albizzia_02-150x150.jpg\" alt=\"\" width=\"150\" height=\"150\" \/><\/a><a href=\"http:\/\/prenezracines.tb6380.com\/wp-content\/uploads\/2011\/02\/ALBjub.jpg\"><img loading=\"lazy\" decoding=\"async\" class=\"alignnone size-thumbnail wp-image-351\" title=\"ALBjub\" src=\"http:\/\/prenezracines.tb6380.com\/wp-content\/uploads\/2011\/02\/ALBjub-150x150.jpg\" alt=\"\" width=\"150\" height=\"150\" \/><\/a><\/p>\n<p>Vous pourrez retrouvez gr\u00e2ce \u00e0 ces liens des informations plus pr\u00e9cises \u00e0 propos de toutes ces essences d&rsquo;arbres.<\/p>\n<p><a title=\"les arbres\" href=\"http:\/\/www.lesarbres.fr\/\" target=\"_blank\">http:\/\/www.lesarbres.fr\/<\/a><\/p>\n<p><a title=\"jardin botanique\" href=\"http:\/\/www.jardin-botanique-lyon.com\/\" target=\"_blank\">http:\/\/www.jardin-botanique-lyon.com<\/a>\/<\/p>\n<p><a href=\"http:\/\/mag.plantes-et-jardins.com\/conseils-de-jardinage\/fiches-plantes\" target=\"_blank\">http:\/\/mag.plantes-et-jardins.com\/conseils-de-jardinage\/fiches-plantes<\/a><\/p>\n<p>Retrouvez ci-dessous le <em><span style=\"text-decoration: underline;\">premier<\/span><\/em> c<em>atalogue des essences<\/em> des arbres choisis par les parrains-marraines du mois de mars 2010 au mois de mai 2011 :<\/p>\n<p><a href=\"http:\/\/prenezracines.tb6380.com\/wp-content\/uploads\/2011\/02\/catalogue-des-essences.pdf\">catalogue des essences<\/a><a href=\"http:\/\/prenezracines.tb6380.com\/wp-content\/uploads\/2011\/02\/catalogue-des-essences.jpg\"><img loading=\"lazy\" decoding=\"async\" class=\"aligncenter size-full wp-image-98\" title=\"catalogue des essences\" src=\"http:\/\/prenezracines.tb6380.com\/wp-content\/uploads\/2011\/02\/catalogue-des-essences.jpg\" alt=\"\" width=\"595\" height=\"1384\" srcset=\"http:\/\/prenezracines.tb6380.com\/wp-content\/uploads\/2011\/02\/catalogue-des-essences.jpg 595w, http:\/\/prenezracines.tb6380.com\/wp-content\/uploads\/2011\/02\/catalogue-des-essences-440x1024.jpg 440w\" sizes=\"auto, (max-width: 595px) 100vw, 595px\" \/><\/a><\/p>\n","protected":false},"excerpt":{"rendered":"<p>Nous avons aujourd&rsquo;hui 38 parrains-marraines qui ont d\u00e9cid\u00e9 d&rsquo;adopter un arbre. Le catalogue des essences des arbres parrain\u00e9s par les habitants et qui grandiront en p\u00e9pini\u00e8re dans le quartier se distingue en 2 cat\u00e9gories en fonction des emplacements. Cette liste &hellip; <a href=\"http:\/\/prenezracines.tb6380.com\/?page_id=96\">Continuer la lecture <span class=\"meta-nav\">&rarr;<\/span><\/a><\/p>\n","protected":false},"author":1,"featured_media":0,"parent":0,"menu_order":0,"comment_status":"open","ping_status":"open","template":"","meta":{"footnotes":""},"class_list":["post-96","page","type-page","status-publish","hentry"],"_links":{"self":[{"href":"http:\/\/prenezracines.tb6380.com\/index.php?rest_route=\/wp\/v2\/pages\/96","targetHints":{"allow":["GET"]}}],"collection":[{"href":"http:\/\/prenezracines.tb6380.com\/index.php?rest_route=\/wp\/v2\/pages"}],"about":[{"href":"http:\/\/prenezracines.tb6380.com\/index.php?rest_route=\/wp\/v2\/types\/page"}],"author":[{"embeddable":true,"href":"http:\/\/prenezracines.tb6380.com\/index.php?rest_route=\/wp\/v2\/users\/1"}],"replies":[{"embeddable":true,"href":"http:\/\/prenezracines.tb6380.com\/index.php?rest_route=%2Fwp%2Fv2%2Fcomments&post=96"}],"version-history":[{"count":10,"href":"http:\/\/prenezracines.tb6380.com\/index.php?rest_route=\/wp\/v2\/pages\/96\/revisions"}],"predecessor-version":[{"id":330,"href":"http:\/\/prenezracines.tb6380.com\/index.php?rest_route=\/wp\/v2\/pages\/96\/revisions\/330"}],"wp:attachment":[{"href":"http:\/\/prenezracines.tb6380.com\/index.php?rest_route=%2Fwp%2Fv2%2Fmedia&parent=96"}],"curies":[{"name":"wp","href":"https:\/\/api.w.org\/{rel}","templated":true}]}}